{"id":532,"date":"2025-07-10T10:08:08","date_gmt":"2025-07-10T08:08:08","guid":{"rendered":"https:\/\/www.fleursmenthealeau.fr\/?page_id=532"},"modified":"2025-07-21T09:48:31","modified_gmt":"2025-07-21T07:48:31","slug":"mariage-urbain","status":"publish","type":"page","link":"https:\/\/www.fleursmenthealeau.fr\/?page_id=532","title":{"rendered":"Mariage urbain"},"content":{"rendered":"<p>[et_pb_section fb_built=\u00a0\u00bb1&Prime; admin_label=\u00a0\u00bbHeader\u00a0\u00bb _builder_version=\u00a0\u00bb4.27.4&Prime; _module_preset=\u00a0\u00bbdefault\u00a0\u00bb use_background_color_gradient=\u00a0\u00bbon\u00a0\u00bb background_color_gradient_stops=\u00a0\u00bbrgba(0,0,0,0.46) 0%|rgba(41,196,169,0) 100%\u00a0\u00bb background_color_gradient_overlays_image=\u00a0\u00bbon\u00a0\u00bb background_image=\u00a0\u00bbhttps:\/\/www.fleursmenthealeau.fr\/wp-content\/uploads\/2024\/04\/J-F-53.jpg\u00a0\u00bb background_position=\u00a0\u00bbbottom_center\u00a0\u00bb module_alignment=\u00a0\u00bbleft\u00a0\u00bb custom_padding=\u00a0\u00bb||156px||false|false\u00a0\u00bb locked=\u00a0\u00bboff\u00a0\u00bb collapsed=\u00a0\u00bbon\u00a0\u00bb global_colors_info=\u00a0\u00bb{}\u00a0\u00bb][et_pb_row column_structure=\u00a0\u00bb1_4,1_2,1_4&Prime; _builder_version=\u00a0\u00bb4.27.4&Prime; _module_preset=\u00a0\u00bbdefault\u00a0\u00bb width=\u00a0\u00bb100%\u00a0\u00bb max_width=\u00a0\u00bb1736px\u00a0\u00bb global_colors_info=\u00a0\u00bb{}\u00a0\u00bb][et_pb_column type=\u00a0\u00bb1_4&Prime; _builder_version=\u00a0\u00bb4.24.0&Prime; _module_preset=\u00a0\u00bbdefault\u00a0\u00bb global_colors_info=\u00a0\u00bb{}\u00a0\u00bb][\/et_pb_column][et_pb_column type=\u00a0\u00bb1_2&Prime; _builder_version=\u00a0\u00bb4.24.0&Prime; _module_preset=\u00a0\u00bbdefault\u00a0\u00bb global_colors_info=\u00a0\u00bb{}\u00a0\u00bb][et_pb_menu menu_id=\u00a0\u00bbnone\u00a0\u00bb menu_style=\u00a0\u00bbcentered\u00a0\u00bb submenu_direction=\u00a0\u00bbdownwards\u00a0\u00bb active_link_color=\u00a0\u00bbgcid-0dee779d-3386-4858-acc6-5e754bbcecfb\u00a0\u00bb dropdown_menu_line_color=\u00a0\u00bbgcid-eb530b9c-72b4-4e87-8507-85940619c391&Prime; dropdown_menu_text_color=\u00a0\u00bbgcid-0dee779d-3386-4858-acc6-5e754bbcecfb\u00a0\u00bb dropdown_menu_active_link_color=\u00a0\u00bbRGBA(255,255,255,0)\u00a0\u00bb active_link_color_tablet=\u00a0\u00bbgcid-0dee779d-3386-4858-acc6-5e754bbcecfb\u00a0\u00bb active_link_color_phone=\u00a0\u00bbgcid-eb530b9c-72b4-4e87-8507-85940619c391&Prime; active_link_color_last_edited=\u00a0\u00bbon|desktop\u00a0\u00bb _builder_version=\u00a0\u00bb4.27.4&Prime; _module_preset=\u00a0\u00bbdefault\u00a0\u00bb menu_font=\u00a0\u00bbRaleway|700||on|||||\u00a0\u00bb menu_text_color=\u00a0\u00bbgcid-989a7140-c3e2-479f-a3d0-8778cb9a6241&Prime; menu_font_size=\u00a0\u00bb15px\u00a0\u00bb background_enable_color=\u00a0\u00bboff\u00a0\u00bb menu_text_color_tablet=\u00a0\u00bb#FFFFFF\u00a0\u00bb menu_text_color_phone=\u00a0\u00bbgcid-0dee779d-3386-4858-acc6-5e754bbcecfb\u00a0\u00bb menu_text_color_last_edited=\u00a0\u00bbon|desktop\u00a0\u00bb global_colors_info=\u00a0\u00bb{%22gcid-0dee779d-3386-4858-acc6-5e754bbcecfb%22:%91%22dropdown_menu_text_color%22,%22active_link_color%22,%22menu_text_color_phone%22%93,%22gcid-eb530b9c-72b4-4e87-8507-85940619c391%22:%91%22active_link_color_phone%22,%22dropdown_menu_line_color%22%93,%22gcid-8b5e2b57-37b0-4d35-9035-3a4d9f353a74%22:%91%22active_link_color__hover%22,%22menu_text_color__hover%22%93,%22gcid-989a7140-c3e2-479f-a3d0-8778cb9a6241%22:%91%22menu_text_color%22%93}\u00a0\u00bb active_link_color__hover_enabled=\u00a0\u00bbon|desktop\u00a0\u00bb active_link_color__hover=\u00a0\u00bb#fdde7e\u00a0\u00bb menu_text_color__hover_enabled=\u00a0\u00bbon|desktop\u00a0\u00bb menu_text_color__hover=\u00a0\u00bb#fdde7e\u00a0\u00bb][\/et_pb_menu][\/et_pb_column][et_pb_column type=\u00a0\u00bb1_4&Prime; _builder_version=\u00a0\u00bb4.24.0&Prime; _module_preset=\u00a0\u00bbdefault\u00a0\u00bb global_colors_info=\u00a0\u00bb{}\u00a0\u00bb][et_pb_social_media_follow use_icon_font_size=\u00a0\u00bbon\u00a0\u00bb icon_font_size=\u00a0\u00bb8px\u00a0\u00bb _builder_version=\u00a0\u00bb4.27.4&Prime; _module_preset=\u00a0\u00bbdefault\u00a0\u00bb text_orientation=\u00a0\u00bbcenter\u00a0\u00bb hover_enabled=\u00a0\u00bb0&Prime; text_orientation_tablet=\u00a0\u00bbright\u00a0\u00bb text_orientation_phone=\u00a0\u00bbcenter\u00a0\u00bb text_orientation_last_edited=\u00a0\u00bbon|phone\u00a0\u00bb global_colors_info=\u00a0\u00bb{}\u00a0\u00bb sticky_enabled=\u00a0\u00bb0&Prime;][et_pb_social_media_follow_network social_network=\u00a0\u00bbfacebook\u00a0\u00bb url=\u00a0\u00bbhttps:\/\/www.facebook.com\/profile.php?id=100094592062623&Prime; icon_color=\u00a0\u00bb#FFFFFF\u00a0\u00bb use_icon_font_size=\u00a0\u00bbon\u00a0\u00bb icon_font_size=\u00a0\u00bb14px\u00a0\u00bb _builder_version=\u00a0\u00bb4.24.0&Prime; _module_preset=\u00a0\u00bbdefault\u00a0\u00bb background_color=\u00a0\u00bbgcid-9b6aa39d-5481-4667-888d-b03ac1cf53b7&Prime; background_enable_color=\u00a0\u00bbon\u00a0\u00bb border_radii=\u00a0\u00bbon|798px|798px|798px|798px\u00a0\u00bb global_colors_info=\u00a0\u00bb{%22gcid-9b6aa39d-5481-4667-888d-b03ac1cf53b7%22:%91%22background_color%22%93}\u00a0\u00bb follow_button=\u00a0\u00bboff\u00a0\u00bb url_new_window=\u00a0\u00bbon\u00a0\u00bb]facebook[\/et_pb_social_media_follow_network][et_pb_social_media_follow_network social_network=\u00a0\u00bbinstagram\u00a0\u00bb url=\u00a0\u00bbhttps:\/\/www.instagram.com\/fleurs_menthe_a_leau\/\u00a0\u00bb use_icon_font_size=\u00a0\u00bbon\u00a0\u00bb icon_font_size=\u00a0\u00bb14px\u00a0\u00bb _builder_version=\u00a0\u00bb4.24.0&Prime; _module_preset=\u00a0\u00bbdefault\u00a0\u00bb background_color=\u00a0\u00bbgcid-9b6aa39d-5481-4667-888d-b03ac1cf53b7&Prime; background_enable_color=\u00a0\u00bbon\u00a0\u00bb border_radii=\u00a0\u00bbon|1559px|1559px|1559px|1559px\u00a0\u00bb global_colors_info=\u00a0\u00bb{%22gcid-9b6aa39d-5481-4667-888d-b03ac1cf53b7%22:%91%22background_color%22%93}\u00a0\u00bb follow_button=\u00a0\u00bboff\u00a0\u00bb url_new_window=\u00a0\u00bbon\u00a0\u00bb]instagram[\/et_pb_social_media_follow_network][\/et_pb_social_media_follow][\/et_pb_column][\/et_pb_row][et_pb_row _builder_version=\u00a0\u00bb4.27.4&Prime; _module_preset=\u00a0\u00bbdefault\u00a0\u00bb custom_margin=\u00a0\u00bb85px|auto||auto|false|false\u00a0\u00bb custom_margin_tablet=\u00a0\u00bb61px||||false|false\u00a0\u00bb custom_margin_phone=\u00a0\u00bb33px||41px||false|false\u00a0\u00bb custom_margin_last_edited=\u00a0\u00bbon|phone\u00a0\u00bb global_colors_info=\u00a0\u00bb{}\u00a0\u00bb][et_pb_column type=\u00a0\u00bb4_4&Prime; _builder_version=\u00a0\u00bb4.20.0&Prime; _module_preset=\u00a0\u00bbdefault\u00a0\u00bb global_colors_info=\u00a0\u00bb{}\u00a0\u00bb][et_pb_text content_tablet=\u00a0\u00bb<\/p>\n<p>Designer floral \u00b7 mariages \u00b7 \u00e9v\u00e9nements<\/p>\n<p>\u00a0\u00bb content_phone=\u00a0\u00bb<\/p>\n<p>Designer floral<\/p>\n<p>mariages \u00b7 \u00e9v\u00e9nements<\/p>\n<p>\u00a0\u00bb content_last_edited=\u00a0\u00bbon|phone\u00a0\u00bb _builder_version=\u00a0\u00bb4.27.4&Prime; _module_preset=\u00a0\u00bbdefault\u00a0\u00bb text_font=\u00a0\u00bbRaleway|300||on|||||\u00a0\u00bb text_text_color=\u00a0\u00bb#FFFFFF\u00a0\u00bb text_font_size=\u00a0\u00bb29px\u00a0\u00bb text_line_height=\u00a0\u00bb0.4em\u00a0\u00bb text_orientation=\u00a0\u00bbcenter\u00a0\u00bb custom_margin=\u00a0\u00bb||||false|false\u00a0\u00bb text_font_size_tablet=\u00a0\u00bb29px\u00a0\u00bb text_font_size_phone=\u00a0\u00bb21px\u00a0\u00bb text_font_size_last_edited=\u00a0\u00bbon|phone\u00a0\u00bb global_colors_info=\u00a0\u00bb{}\u00a0\u00bb]<\/p>\n<p>Mariage urbain<\/p>\n<p>[\/et_pb_text][\/et_pb_column][\/et_pb_row][\/et_pb_section][et_pb_section fb_built=\u00a0\u00bb1&Prime; _builder_version=\u00a0\u00bb4.27.4&Prime; _module_preset=\u00a0\u00bbdefault\u00a0\u00bb global_colors_info=\u00a0\u00bb{}\u00a0\u00bb][et_pb_row _builder_version=\u00a0\u00bb4.24.0&Prime; _module_preset=\u00a0\u00bbdefault\u00a0\u00bb locked=\u00a0\u00bboff\u00a0\u00bb global_colors_info=\u00a0\u00bb{}\u00a0\u00bb][et_pb_column type=\u00a0\u00bb4_4&Prime; _builder_version=\u00a0\u00bb4.24.0&Prime; _module_preset=\u00a0\u00bbdefault\u00a0\u00bb global_colors_info=\u00a0\u00bb{}\u00a0\u00bb][et_pb_text _builder_version=\u00a0\u00bb4.27.4&Prime; _module_preset=\u00a0\u00bbdefault\u00a0\u00bb text_orientation=\u00a0\u00bbcenter\u00a0\u00bb width=\u00a0\u00bb77%\u00a0\u00bb module_alignment=\u00a0\u00bbcenter\u00a0\u00bb custom_margin=\u00a0\u00bb||36px||false|false\u00a0\u00bb global_colors_info=\u00a0\u00bb{}\u00a0\u00bb]<\/p>\n<p>&nbsp;<\/p>\n<p>Un mariage urbain m\u00eale \u00e9l\u00e9gance contemporaine et \u00e9nergie citadine.<br \/>\u00c0 Strasbourg, Colmar, comme ailleurs, je compose des cr\u00e9ations florales modernes et graphiques pour sublimer les d\u00e9cors industriels, les lofts ou les lieux atypiques de vos c\u00e9r\u00e9monies.<\/p>\n<p>Je joue avec les contrastes\u202f: v\u00e9g\u00e9taux structur\u00e9s, couleurs franches, feuillages textur\u00e9s et fleurs minimalistes.<\/p>\n<p>L\u2019objectif ? Cr\u00e9er une sc\u00e9nographie florale qui refl\u00e8te votre style affirm\u00e9 et l\u2019ambiance unique de la ville.<\/p>\n<p>Que vous r\u00eaviez d\u2019un rooftop fleuri, d\u2019un bouquet audacieux ou d\u2019une arche au style brut et chic, je vous accompagne pour composer un d\u00e9cor floral \u00e0 votre image.<\/p>\n<p>[\/et_pb_text][\/et_pb_column][\/et_pb_row][\/et_pb_section][et_pb_section fb_built=\u00a0\u00bb1&Prime; _builder_version=\u00a0\u00bb4.27.4&Prime; _module_preset=\u00a0\u00bbdefault\u00a0\u00bb global_colors_info=\u00a0\u00bb{}\u00a0\u00bb][et_pb_row column_structure=\u00a0\u00bb1_3,1_3,1_3&Prime; _builder_version=\u00a0\u00bb4.27.4&Prime; _module_preset=\u00a0\u00bbdefault\u00a0\u00bb max_width=\u00a0\u00bb1495px\u00a0\u00bb global_colors_info=\u00a0\u00bb{}\u00a0\u00bb][et_pb_column type=\u00a0\u00bb1_3&Prime; _builder_version=\u00a0\u00bb4.27.4&Prime; _module_preset=\u00a0\u00bbdefault\u00a0\u00bb global_colors_info=\u00a0\u00bb{}\u00a0\u00bb][et_pb_image src=\u00a0\u00bbhttps:\/\/www.fleursmenthealeau.fr\/wp-content\/uploads\/2024\/04\/J-F-65.jpg\u00a0\u00bb alt=\u00a0\u00bbFleurs Menthe \u00e0 l&rsquo;eau, designer floral en Alsace, mariage portfolio de Fleurs Menthe \u00e0 l&rsquo;eau\u00a0\u00bb title_text=\u00a0\u00bbFleurs Menthe \u00e0 l&rsquo;eau, designer floral en Alsace, mariage\u00a0\u00bb _builder_version=\u00a0\u00bb4.27.4&Prime; _module_preset=\u00a0\u00bbdefault\u00a0\u00bb global_colors_info=\u00a0\u00bb{}\u00a0\u00bb][\/et_pb_image][et_pb_image src=\u00a0\u00bbhttps:\/\/www.fleursmenthealeau.fr\/wp-content\/uploads\/2024\/04\/J-F-47.jpg\u00a0\u00bb alt=\u00a0\u00bbFleurs Menthe \u00e0 l&rsquo;eau, designer floral en Alsace, fleuriste, mariage portfolio de Fleurs Menthe \u00e0 l&rsquo;eau\u00a0\u00bb title_text=\u00a0\u00bbFleurs Menthe \u00e0 l&rsquo;eau, designer floral en Alsace, fleuriste, mariage\u00a0\u00bb _builder_version=\u00a0\u00bb4.27.4&Prime; _module_preset=\u00a0\u00bbdefault\u00a0\u00bb global_colors_info=\u00a0\u00bb{}\u00a0\u00bb][\/et_pb_image][\/et_pb_column][et_pb_column type=\u00a0\u00bb1_3&Prime; _builder_version=\u00a0\u00bb4.27.4&Prime; _module_preset=\u00a0\u00bbdefault\u00a0\u00bb global_colors_info=\u00a0\u00bb{}\u00a0\u00bb][et_pb_image src=\u00a0\u00bbhttps:\/\/www.fleursmenthealeau.fr\/wp-content\/uploads\/2024\/04\/J-F-63.jpg\u00a0\u00bb alt=\u00a0\u00bbFleurs Menthe \u00e0 l&rsquo;eau, designer floral en Alsace, mariage\u00a0\u00bb title_text=\u00a0\u00bbFleurs Menthe \u00e0 l&rsquo;eau, designer floral en Alsace, mariage\u00a0\u00bb _builder_version=\u00a0\u00bb4.27.4&Prime; _module_preset=\u00a0\u00bbdefault\u00a0\u00bb global_colors_info=\u00a0\u00bb{}\u00a0\u00bb][\/et_pb_image][et_pb_image src=\u00a0\u00bbhttps:\/\/www.fleursmenthealeau.fr\/wp-content\/uploads\/2024\/04\/J-F-28.jpg\u00a0\u00bb alt=\u00a0\u00bbFleurs Menthe \u00e0 l&rsquo;eau, designer floral en Alsace, mariage\u00a0\u00bb title_text=\u00a0\u00bbFleurs Menthe \u00e0 l&rsquo;eau, designer floral en Alsace, mariage\u00a0\u00bb _builder_version=\u00a0\u00bb4.27.4&Prime; _module_preset=\u00a0\u00bbdefault\u00a0\u00bb global_colors_info=\u00a0\u00bb{}\u00a0\u00bb][\/et_pb_image][\/et_pb_column][et_pb_column type=\u00a0\u00bb1_3&Prime; _builder_version=\u00a0\u00bb4.27.4&Prime; _module_preset=\u00a0\u00bbdefault\u00a0\u00bb global_colors_info=\u00a0\u00bb{}\u00a0\u00bb][et_pb_image src=\u00a0\u00bbhttps:\/\/www.fleursmenthealeau.fr\/wp-content\/uploads\/2024\/04\/J-F-70.jpg\u00a0\u00bb alt=\u00a0\u00bbFleurs Menthe \u00e0 l&rsquo;eau, designer floral en Alsace, mariage\u00a0\u00bb title_text=\u00a0\u00bbFleurs Menthe \u00e0 l&rsquo;eau, designer floral en Alsace, mariage\u00a0\u00bb _builder_version=\u00a0\u00bb4.27.4&Prime; _module_preset=\u00a0\u00bbdefault\u00a0\u00bb global_colors_info=\u00a0\u00bb{}\u00a0\u00bb][\/et_pb_image][et_pb_image src=\u00a0\u00bbhttps:\/\/www.fleursmenthealeau.fr\/wp-content\/uploads\/2024\/04\/J-F-77.jpg\u00a0\u00bb alt=\u00a0\u00bbFleurs Menthe \u00e0 l&rsquo;eau, designer floral en Alsace, mariage\u00a0\u00bb title_text=\u00a0\u00bbFleurs Menthe \u00e0 l&rsquo;eau, designer floral en Alsace, mariage\u00a0\u00bb _builder_version=\u00a0\u00bb4.27.4&Prime; _module_preset=\u00a0\u00bbdefault\u00a0\u00bb global_colors_info=\u00a0\u00bb{}\u00a0\u00bb][\/et_pb_image][\/et_pb_column][\/et_pb_row][et_pb_row _builder_version=\u00a0\u00bb4.27.4&Prime; _module_preset=\u00a0\u00bbdefault\u00a0\u00bb width=\u00a0\u00bb78%\u00a0\u00bb max_width=\u00a0\u00bb2160px\u00a0\u00bb module_alignment=\u00a0\u00bbcenter\u00a0\u00bb global_colors_info=\u00a0\u00bb{}\u00a0\u00bb][et_pb_column type=\u00a0\u00bb4_4&Prime; _builder_version=\u00a0\u00bb4.27.4&Prime; _module_preset=\u00a0\u00bbdefault\u00a0\u00bb global_colors_info=\u00a0\u00bb{}\u00a0\u00bb][et_pb_image src=\u00a0\u00bbhttps:\/\/www.fleursmenthealeau.fr\/wp-content\/uploads\/2024\/04\/J-F-53.jpg\u00a0\u00bb alt=\u00a0\u00bbFleurs Menthe \u00e0 l&rsquo;eau, designer floral en Alsace, mariage\u00a0\u00bb title_text=\u00a0\u00bbFleurs Menthe \u00e0 l&rsquo;eau, designer floral en Alsace, mariage\u00a0\u00bb _builder_version=\u00a0\u00bb4.27.4&Prime; _module_preset=\u00a0\u00bbdefault\u00a0\u00bb global_colors_info=\u00a0\u00bb{}\u00a0\u00bb][\/et_pb_image][\/et_pb_column][\/et_pb_row][et_pb_row _builder_version=\u00a0\u00bb4.27.4&Prime; _module_preset=\u00a0\u00bbdefault\u00a0\u00bb global_colors_info=\u00a0\u00bb{}\u00a0\u00bb][et_pb_column type=\u00a0\u00bb4_4&Prime; _builder_version=\u00a0\u00bb4.27.4&Prime; _module_preset=\u00a0\u00bbdefault\u00a0\u00bb global_colors_info=\u00a0\u00bb{}\u00a0\u00bb][et_pb_button button_url=\u00a0\u00bbmailto:fleursmenthealeau@gmail.com\u00a0\u00bb url_new_window=\u00a0\u00bbon\u00a0\u00bb button_text=\u00a0\u00bbDemander un devis\u00a0\u00bb button_alignment=\u00a0\u00bbcenter\u00a0\u00bb _builder_version=\u00a0\u00bb4.27.4&Prime; _module_preset=\u00a0\u00bbdefault\u00a0\u00bb custom_button=\u00a0\u00bbon\u00a0\u00bb button_text_size=\u00a0\u00bb18px\u00a0\u00bb button_text_color=\u00a0\u00bbgcid-eb530b9c-72b4-4e87-8507-85940619c391&Prime; button_border_radius=\u00a0\u00bb97px\u00a0\u00bb button_font=\u00a0\u00bbRaleway||||||||\u00a0\u00bb button_icon=\u00a0\u00bb&#xf18c;||fa||400&Prime; locked=\u00a0\u00bboff\u00a0\u00bb global_colors_info=\u00a0\u00bb{%22gcid-eb530b9c-72b4-4e87-8507-85940619c391%22:%91%22button_text_color%22%93}\u00a0\u00bb][\/et_pb_button][\/et_pb_column][\/et_pb_row][\/et_pb_section][et_pb_section fb_built=\u00a0\u00bb1&Prime; module_id=\u00a0\u00bbcontact\u00a0\u00bb _builder_version=\u00a0\u00bb4.24.0&Prime; _module_preset=\u00a0\u00bbdefault\u00a0\u00bb locked=\u00a0\u00bboff\u00a0\u00bb global_colors_info=\u00a0\u00bb{}\u00a0\u00bb][et_pb_row _builder_version=\u00a0\u00bb4.24.0&Prime; _module_preset=\u00a0\u00bbdefault\u00a0\u00bb global_colors_info=\u00a0\u00bb{}\u00a0\u00bb][et_pb_column type=\u00a0\u00bb4_4&Prime; _builder_version=\u00a0\u00bb4.24.0&Prime; _module_preset=\u00a0\u00bbdefault\u00a0\u00bb global_colors_info=\u00a0\u00bb{}\u00a0\u00bb][et_pb_image src=\u00a0\u00bbhttps:\/\/www.fleursmenthealeau.fr\/wp-content\/uploads\/2024\/02\/C44F3908-EFE1-495C-8676-6BB001274C55.png\u00a0\u00bb alt=\u00a0\u00bblogo fleurs menthe a l eau mariage fleuriste alsace wedding designer designer floral\u00a0\u00bb title_text=\u00a0\u00bbC44F3908-EFE1-495C-8676-6BB001274C55&Prime; align_tablet=\u00a0\u00bb\u00a0\u00bb align_phone=\u00a0\u00bb\u00a0\u00bb align_last_edited=\u00a0\u00bbon|phone\u00a0\u00bb _builder_version=\u00a0\u00bb4.24.0&Prime; _module_preset=\u00a0\u00bbdefault\u00a0\u00bb width=\u00a0\u00bb27%\u00a0\u00bb width_tablet=\u00a0\u00bb\u00a0\u00bb width_phone=\u00a0\u00bb\u00a0\u00bb width_last_edited=\u00a0\u00bbon|phone\u00a0\u00bb module_alignment=\u00a0\u00bbcenter\u00a0\u00bb locked=\u00a0\u00bboff\u00a0\u00bb global_colors_info=\u00a0\u00bb{}\u00a0\u00bb][\/et_pb_image][et_pb_text content_tablet=\u00a0\u00bb<\/p>\n<p>Fleurs Menthe \u00e0 l&rsquo;Eau<\/p>\n<p>\u00a0\u00bb content_phone=\u00a0\u00bb<\/p>\n<p>Fleurs<br \/>Menthe \u00e0 l&rsquo;Eau<\/p>\n<p>\u00a0\u00bb content_last_edited=\u00a0\u00bbon|phone\u00a0\u00bb _builder_version=\u00a0\u00bb4.24.0&Prime; _module_preset=\u00a0\u00bbdefault\u00a0\u00bb text_font=\u00a0\u00bbHomemade Apple||||||||\u00a0\u00bb text_text_color=\u00a0\u00bbgcid-eb530b9c-72b4-4e87-8507-85940619c391&Prime; text_font_size=\u00a0\u00bb39px\u00a0\u00bb text_orientation=\u00a0\u00bbcenter\u00a0\u00bb text_line_height_tablet=\u00a0\u00bb\u00a0\u00bb text_line_height_phone=\u00a0\u00bb42.7px\u00a0\u00bb text_line_height_last_edited=\u00a0\u00bbon|phone\u00a0\u00bb global_colors_info=\u00a0\u00bb{%22gcid-eb530b9c-72b4-4e87-8507-85940619c391%22:%91%22text_text_color%22%93}\u00a0\u00bb]<\/p>\n<p>Fleurs Menthe \u00e0 l&rsquo;Eau<\/p>\n<p>[\/et_pb_text][et_pb_text _builder_version=\u00a0\u00bb4.24.0&Prime; _module_preset=\u00a0\u00bbdefault\u00a0\u00bb global_colors_info=\u00a0\u00bb{}\u00a0\u00bb]<\/p>\n<p style=\"text-align: center;\">Emma Bijaye \u00b7 Designer floral<br \/><a href=\"tel:0622079338\" target=\"_blank\" rel=\"noopener\">06.22.07.93.38<\/a><br \/><a href=\"mailto:fleursmenthealeau@gmail.com\" target=\"_blank\" rel=\"noopener\">fleursmenthealeau@gmail.com<\/a><\/p>\n<p>[\/et_pb_text][\/et_pb_column][\/et_pb_row][et_pb_row column_structure=\u00a0\u00bb1_5,1_5,3_5&Prime; _builder_version=\u00a0\u00bb4.24.0&Prime; _module_preset=\u00a0\u00bbdefault\u00a0\u00bb locked=\u00a0\u00bboff\u00a0\u00bb global_colors_info=\u00a0\u00bb{}\u00a0\u00bb][et_pb_column type=\u00a0\u00bb1_5&Prime; _builder_version=\u00a0\u00bb4.24.0&Prime; _module_preset=\u00a0\u00bbdefault\u00a0\u00bb global_colors_info=\u00a0\u00bb{}\u00a0\u00bb][et_pb_text _builder_version=\u00a0\u00bb4.24.0&Prime; _dynamic_attributes=\u00a0\u00bblink_option_url\u00a0\u00bb _module_preset=\u00a0\u00bbdefault\u00a0\u00bb link_option_url=\u00a0\u00bb@ET-DC@eyJkeW5hbWljIjp0cnVlLCJjb250ZW50IjoicG9zdF9saW5rX3VybF9wYWdlIiwic2V0dGluZ3MiOnsicG9zdF9pZCI6IjE4OSJ9fQ==@\u00a0\u00bb global_colors_info=\u00a0\u00bb{}\u00a0\u00bb]<\/p>\n<p style=\"text-align: center;\"><strong>Mentions l\u00e9gales<\/strong><\/p>\n<p>[\/et_pb_text][\/et_pb_column][et_pb_column type=\u00a0\u00bb1_5&Prime; _builder_version=\u00a0\u00bb4.24.0&Prime; _module_preset=\u00a0\u00bbdefault\u00a0\u00bb global_colors_info=\u00a0\u00bb{}\u00a0\u00bb][et_pb_text _builder_version=\u00a0\u00bb4.24.0&Prime; _dynamic_attributes=\u00a0\u00bblink_option_url\u00a0\u00bb _module_preset=\u00a0\u00bbdefault\u00a0\u00bb text_orientation=\u00a0\u00bbcenter\u00a0\u00bb link_option_url=\u00a0\u00bb@ET-DC@eyJkeW5hbWljIjp0cnVlLCJjb250ZW50IjoicG9zdF9saW5rX3VybF9wYWdlIiwic2V0dGluZ3MiOnsicG9zdF9pZCI6IjM1MCJ9fQ==@\u00a0\u00bb global_colors_info=\u00a0\u00bb{}\u00a0\u00bb]<\/p>\n<p><strong>CGV<\/strong><\/p>\n<p>[\/et_pb_text][\/et_pb_column][et_pb_column type=\u00a0\u00bb3_5&Prime; _builder_version=\u00a0\u00bb4.24.0&Prime; _module_preset=\u00a0\u00bbdefault\u00a0\u00bb global_colors_info=\u00a0\u00bb{}\u00a0\u00bb][et_pb_social_media_follow use_icon_font_size=\u00a0\u00bbon\u00a0\u00bb icon_font_size=\u00a0\u00bb8px\u00a0\u00bb _builder_version=\u00a0\u00bb4.24.0&Prime; _module_preset=\u00a0\u00bbdefault\u00a0\u00bb text_orientation=\u00a0\u00bbcenter\u00a0\u00bb text_orientation_tablet=\u00a0\u00bbcenter\u00a0\u00bb text_orientation_phone=\u00a0\u00bbcenter\u00a0\u00bb text_orientation_last_edited=\u00a0\u00bbon|desktop\u00a0\u00bb locked=\u00a0\u00bboff\u00a0\u00bb global_colors_info=\u00a0\u00bb{}\u00a0\u00bb][et_pb_social_media_follow_network social_network=\u00a0\u00bbfacebook\u00a0\u00bb url=\u00a0\u00bbhttps:\/\/www.facebook.com\/profile.php?id=100094592062623&Prime; icon_color=\u00a0\u00bb#FFFFFF\u00a0\u00bb use_icon_font_size=\u00a0\u00bbon\u00a0\u00bb icon_font_size=\u00a0\u00bb14px\u00a0\u00bb _builder_version=\u00a0\u00bb4.24.0&Prime; _module_preset=\u00a0\u00bbdefault\u00a0\u00bb background_color=\u00a0\u00bbgcid-9b6aa39d-5481-4667-888d-b03ac1cf53b7&Prime; background_enable_color=\u00a0\u00bbon\u00a0\u00bb border_radii=\u00a0\u00bbon|798px|798px|798px|798px\u00a0\u00bb global_colors_info=\u00a0\u00bb{%22gcid-9b6aa39d-5481-4667-888d-b03ac1cf53b7%22:%91%22background_color%22%93}\u00a0\u00bb follow_button=\u00a0\u00bboff\u00a0\u00bb url_new_window=\u00a0\u00bbon\u00a0\u00bb]facebook[\/et_pb_social_media_follow_network][et_pb_social_media_follow_network social_network=\u00a0\u00bbinstagram\u00a0\u00bb url=\u00a0\u00bbhttps:\/\/www.instagram.com\/fleurs_menthe_a_leau\/\u00a0\u00bb use_icon_font_size=\u00a0\u00bbon\u00a0\u00bb icon_font_size=\u00a0\u00bb14px\u00a0\u00bb _builder_version=\u00a0\u00bb4.24.0&Prime; _module_preset=\u00a0\u00bbdefault\u00a0\u00bb background_color=\u00a0\u00bbgcid-9b6aa39d-5481-4667-888d-b03ac1cf53b7&Prime; background_enable_color=\u00a0\u00bbon\u00a0\u00bb border_radii=\u00a0\u00bbon|1559px|1559px|1559px|1559px\u00a0\u00bb global_colors_info=\u00a0\u00bb{%22gcid-9b6aa39d-5481-4667-888d-b03ac1cf53b7%22:%91%22background_color%22%93}\u00a0\u00bb follow_button=\u00a0\u00bboff\u00a0\u00bb url_new_window=\u00a0\u00bbon\u00a0\u00bb]instagram[\/et_pb_social_media_follow_network][\/et_pb_social_media_follow][\/et_pb_column][\/et_pb_row][\/et_pb_section]<\/p>\n","protected":false},"excerpt":{"rendered":"<p>Mariage urbain&nbsp; Un mariage urbain m\u00eale \u00e9l\u00e9gance contemporaine et \u00e9nergie citadine.\u00c0 Strasbourg, Colmar, comme ailleurs, je compose des cr\u00e9ations florales modernes et graphiques pour sublimer les d\u00e9cors industriels, les lofts ou les lieux atypiques de vos c\u00e9r\u00e9monies. Je joue avec les contrastes\u202f: v\u00e9g\u00e9taux structur\u00e9s, couleurs franches, feuillages textur\u00e9s et fleurs minimalistes. L\u2019objectif ? Cr\u00e9er une [&hellip;]<\/p>\n","protected":false},"author":3,"featured_media":0,"parent":0,"menu_order":0,"comment_status":"closed","ping_status":"closed","template":"page-template-blank.php","meta":{"_et_pb_use_builder":"on","_et_pb_old_content":"","_et_gb_content_width":"","footnotes":""},"class_list":["post-532","page","type-page","status-publish","hentry"],"yoast_head":"<!-- This site is optimized with the Yoast SEO plugin v27.2 - https:\/\/yoast.com\/product\/yoast-seo-wordpress\/ -->\n<title>Mariage urbain - Fleurs Menthe \u00e0 l&#039;eau, fleuriste mariage<\/title>\n<meta name=\"description\" content=\"Cr\u00e9ez une ambiance florale contemporaine et \u00e9l\u00e9gante pour votre mariage urbain. Fleurs Menthe \u00e0 l\u2019Eau, designer floral \u00e0 Colmar, imagine des d\u00e9cors uniques en ville.\" \/>\n<meta name=\"robots\" content=\"index, follow, max-snippet:-1, max-image-preview:large, max-video-preview:-1\" \/>\n<link rel=\"canonical\" href=\"https:\/\/www.fleursmenthealeau.fr\/?page_id=532\" \/>\n<meta property=\"og:locale\" content=\"fr_FR\" \/>\n<meta property=\"og:type\" content=\"article\" \/>\n<meta property=\"og:title\" content=\"Mariage urbain - Fleurs Menthe \u00e0 l&#039;eau, fleuriste mariage\" \/>\n<meta property=\"og:description\" content=\"Cr\u00e9ez une ambiance florale contemporaine et \u00e9l\u00e9gante pour votre mariage urbain. Fleurs Menthe \u00e0 l\u2019Eau, designer floral \u00e0 Colmar, imagine des d\u00e9cors uniques en ville.\" \/>\n<meta property=\"og:url\" content=\"https:\/\/www.fleursmenthealeau.fr\/?page_id=532\" \/>\n<meta property=\"og:site_name\" content=\"Fleurs Menthe \u00e0 l&#039;eau\" \/>\n<meta property=\"article:publisher\" content=\"https:\/\/www.facebook.com\/profile.php?id=100094592062623\" \/>\n<meta property=\"article:modified_time\" content=\"2025-07-21T07:48:31+00:00\" \/>\n<meta name=\"twitter:card\" content=\"summary_large_image\" \/>\n<meta name=\"twitter:label1\" content=\"Dur\u00e9e de lecture estim\u00e9e\" \/>\n\t<meta name=\"twitter:data1\" content=\"3 minutes\" \/>\n<script type=\"application\/ld+json\" class=\"yoast-schema-graph\">{\"@context\":\"https:\/\/schema.org\",\"@graph\":[{\"@type\":\"WebPage\",\"@id\":\"https:\/\/www.fleursmenthealeau.fr\/?page_id=532\",\"url\":\"https:\/\/www.fleursmenthealeau.fr\/?page_id=532\",\"name\":\"Mariage urbain - Fleurs Menthe \u00e0 l&#039;eau, fleuriste mariage\",\"isPartOf\":{\"@id\":\"https:\/\/www.fleursmenthealeau.fr\/#website\"},\"datePublished\":\"2025-07-10T08:08:08+00:00\",\"dateModified\":\"2025-07-21T07:48:31+00:00\",\"description\":\"Cr\u00e9ez une ambiance florale contemporaine et \u00e9l\u00e9gante pour votre mariage urbain. Fleurs Menthe \u00e0 l\u2019Eau, designer floral \u00e0 Colmar, imagine des d\u00e9cors uniques en ville.\",\"breadcrumb\":{\"@id\":\"https:\/\/www.fleursmenthealeau.fr\/?page_id=532#breadcrumb\"},\"inLanguage\":\"fr-FR\",\"potentialAction\":[{\"@type\":\"ReadAction\",\"target\":[\"https:\/\/www.fleursmenthealeau.fr\/?page_id=532\"]}]},{\"@type\":\"BreadcrumbList\",\"@id\":\"https:\/\/www.fleursmenthealeau.fr\/?page_id=532#breadcrumb\",\"itemListElement\":[{\"@type\":\"ListItem\",\"position\":1,\"name\":\"Accueil\",\"item\":\"https:\/\/www.fleursmenthealeau.fr\/\"},{\"@type\":\"ListItem\",\"position\":2,\"name\":\"Mariage urbain\"}]},{\"@type\":\"WebSite\",\"@id\":\"https:\/\/www.fleursmenthealeau.fr\/#website\",\"url\":\"https:\/\/www.fleursmenthealeau.fr\/\",\"name\":\"Fleurs Menthe \u00e0 l'eau\",\"description\":\"Fleurissez tous vos moments de bonheur\",\"publisher\":{\"@id\":\"https:\/\/www.fleursmenthealeau.fr\/#organization\"},\"potentialAction\":[{\"@type\":\"SearchAction\",\"target\":{\"@type\":\"EntryPoint\",\"urlTemplate\":\"https:\/\/www.fleursmenthealeau.fr\/?s={search_term_string}\"},\"query-input\":{\"@type\":\"PropertyValueSpecification\",\"valueRequired\":true,\"valueName\":\"search_term_string\"}}],\"inLanguage\":\"fr-FR\"},{\"@type\":\"Organization\",\"@id\":\"https:\/\/www.fleursmenthealeau.fr\/#organization\",\"name\":\"Fleurs Menthe \u00e0 l'eau\",\"url\":\"https:\/\/www.fleursmenthealeau.fr\/\",\"logo\":{\"@type\":\"ImageObject\",\"inLanguage\":\"fr-FR\",\"@id\":\"https:\/\/www.fleursmenthealeau.fr\/#\/schema\/logo\/image\/\",\"url\":\"https:\/\/www.fleursmenthealeau.fr\/wp-content\/uploads\/2024\/02\/EE0A1093-93BE-49AB-81B1-A1AF2C2B334A.png\",\"contentUrl\":\"https:\/\/www.fleursmenthealeau.fr\/wp-content\/uploads\/2024\/02\/EE0A1093-93BE-49AB-81B1-A1AF2C2B334A.png\",\"width\":1000,\"height\":728,\"caption\":\"Fleurs Menthe \u00e0 l'eau\"},\"image\":{\"@id\":\"https:\/\/www.fleursmenthealeau.fr\/#\/schema\/logo\/image\/\"},\"sameAs\":[\"https:\/\/www.facebook.com\/profile.php?id=100094592062623\",\"https:\/\/www.instagram.com\/fleurs_menthe_a_leau\/\"]}]}<\/script>\n<!-- \/ Yoast SEO plugin. -->","yoast_head_json":{"title":"Mariage urbain - Fleurs Menthe \u00e0 l&#039;eau, fleuriste mariage","description":"Cr\u00e9ez une ambiance florale contemporaine et \u00e9l\u00e9gante pour votre mariage urbain. Fleurs Menthe \u00e0 l\u2019Eau, designer floral \u00e0 Colmar, imagine des d\u00e9cors uniques en ville.","robots":{"index":"index","follow":"follow","max-snippet":"max-snippet:-1","max-image-preview":"max-image-preview:large","max-video-preview":"max-video-preview:-1"},"canonical":"https:\/\/www.fleursmenthealeau.fr\/?page_id=532","og_locale":"fr_FR","og_type":"article","og_title":"Mariage urbain - Fleurs Menthe \u00e0 l&#039;eau, fleuriste mariage","og_description":"Cr\u00e9ez une ambiance florale contemporaine et \u00e9l\u00e9gante pour votre mariage urbain. Fleurs Menthe \u00e0 l\u2019Eau, designer floral \u00e0 Colmar, imagine des d\u00e9cors uniques en ville.","og_url":"https:\/\/www.fleursmenthealeau.fr\/?page_id=532","og_site_name":"Fleurs Menthe \u00e0 l&#039;eau","article_publisher":"https:\/\/www.facebook.com\/profile.php?id=100094592062623","article_modified_time":"2025-07-21T07:48:31+00:00","twitter_card":"summary_large_image","twitter_misc":{"Dur\u00e9e de lecture estim\u00e9e":"3 minutes"},"schema":{"@context":"https:\/\/schema.org","@graph":[{"@type":"WebPage","@id":"https:\/\/www.fleursmenthealeau.fr\/?page_id=532","url":"https:\/\/www.fleursmenthealeau.fr\/?page_id=532","name":"Mariage urbain - Fleurs Menthe \u00e0 l&#039;eau, fleuriste mariage","isPartOf":{"@id":"https:\/\/www.fleursmenthealeau.fr\/#website"},"datePublished":"2025-07-10T08:08:08+00:00","dateModified":"2025-07-21T07:48:31+00:00","description":"Cr\u00e9ez une ambiance florale contemporaine et \u00e9l\u00e9gante pour votre mariage urbain. Fleurs Menthe \u00e0 l\u2019Eau, designer floral \u00e0 Colmar, imagine des d\u00e9cors uniques en ville.","breadcrumb":{"@id":"https:\/\/www.fleursmenthealeau.fr\/?page_id=532#breadcrumb"},"inLanguage":"fr-FR","potentialAction":[{"@type":"ReadAction","target":["https:\/\/www.fleursmenthealeau.fr\/?page_id=532"]}]},{"@type":"BreadcrumbList","@id":"https:\/\/www.fleursmenthealeau.fr\/?page_id=532#breadcrumb","itemListElement":[{"@type":"ListItem","position":1,"name":"Accueil","item":"https:\/\/www.fleursmenthealeau.fr\/"},{"@type":"ListItem","position":2,"name":"Mariage urbain"}]},{"@type":"WebSite","@id":"https:\/\/www.fleursmenthealeau.fr\/#website","url":"https:\/\/www.fleursmenthealeau.fr\/","name":"Fleurs Menthe \u00e0 l'eau","description":"Fleurissez tous vos moments de bonheur","publisher":{"@id":"https:\/\/www.fleursmenthealeau.fr\/#organization"},"potentialAction":[{"@type":"SearchAction","target":{"@type":"EntryPoint","urlTemplate":"https:\/\/www.fleursmenthealeau.fr\/?s={search_term_string}"},"query-input":{"@type":"PropertyValueSpecification","valueRequired":true,"valueName":"search_term_string"}}],"inLanguage":"fr-FR"},{"@type":"Organization","@id":"https:\/\/www.fleursmenthealeau.fr\/#organization","name":"Fleurs Menthe \u00e0 l'eau","url":"https:\/\/www.fleursmenthealeau.fr\/","logo":{"@type":"ImageObject","inLanguage":"fr-FR","@id":"https:\/\/www.fleursmenthealeau.fr\/#\/schema\/logo\/image\/","url":"https:\/\/www.fleursmenthealeau.fr\/wp-content\/uploads\/2024\/02\/EE0A1093-93BE-49AB-81B1-A1AF2C2B334A.png","contentUrl":"https:\/\/www.fleursmenthealeau.fr\/wp-content\/uploads\/2024\/02\/EE0A1093-93BE-49AB-81B1-A1AF2C2B334A.png","width":1000,"height":728,"caption":"Fleurs Menthe \u00e0 l'eau"},"image":{"@id":"https:\/\/www.fleursmenthealeau.fr\/#\/schema\/logo\/image\/"},"sameAs":["https:\/\/www.facebook.com\/profile.php?id=100094592062623","https:\/\/www.instagram.com\/fleurs_menthe_a_leau\/"]}]}},"_links":{"self":[{"href":"https:\/\/www.fleursmenthealeau.fr\/index.php?rest_route=\/wp\/v2\/pages\/532","targetHints":{"allow":["GET"]}}],"collection":[{"href":"https:\/\/www.fleursmenthealeau.fr\/index.php?rest_route=\/wp\/v2\/pages"}],"about":[{"href":"https:\/\/www.fleursmenthealeau.fr\/index.php?rest_route=\/wp\/v2\/types\/page"}],"author":[{"embeddable":true,"href":"https:\/\/www.fleursmenthealeau.fr\/index.php?rest_route=\/wp\/v2\/users\/3"}],"replies":[{"embeddable":true,"href":"https:\/\/www.fleursmenthealeau.fr\/index.php?rest_route=%2Fwp%2Fv2%2Fcomments&post=532"}],"version-history":[{"count":9,"href":"https:\/\/www.fleursmenthealeau.fr\/index.php?rest_route=\/wp\/v2\/pages\/532\/revisions"}],"predecessor-version":[{"id":691,"href":"https:\/\/www.fleursmenthealeau.fr\/index.php?rest_route=\/wp\/v2\/pages\/532\/revisions\/691"}],"wp:attachment":[{"href":"https:\/\/www.fleursmenthealeau.fr\/index.php?rest_route=%2Fwp%2Fv2%2Fmedia&parent=532"}],"curies":[{"name":"wp","href":"https:\/\/api.w.org\/{rel}","templated":true}]}}